{"id":3,"date":"2019-03-01T14:11:04","date_gmt":"2019-03-01T14:11:04","guid":{"rendered":"http:\/\/elsalgueiro.com\/web\/?page_id=3"},"modified":"2019-07-25T13:49:41","modified_gmt":"2019-07-25T13:49:41","slug":"politica-privacidad","status":"publish","type":"page","link":"https:\/\/elsalgueiro.com\/web\/politica-privacidad\/","title":{"rendered":"Pol\u00edtica de Privacidad"},"content":{"rendered":"\n<p>Ana Blanco Garnelo \u00a0te informa sobre su Pol\u00edtica de Privacidad respecto del tratamiento y protecci\u00f3n de los datos de car\u00e1cter personal de los usuarios y clientes que puedan ser recabados por la navegaci\u00f3n o contrataci\u00f3n de servicios a trav\u00e9s del sitio Web www.elsalguerio.com<\/p>\n\n\n\n<p>En este sentido, el Titular\ngarantiza el cumplimiento de la normativa vigente en materia de protecci\u00f3n de\ndatos personales, reflejada en la Ley Org\u00e1nica 3\/2018, de 5 de diciembre, de\nProtecci\u00f3n de Datos Personales y de Garant\u00eda de Derechos Digitales (LOPD GDD).\nCumple tambi\u00e9n con el Reglamento (UE) 2016\/679 del Parlamento Europeo y del\nConsejo de 27 de abril de 2016 relativo a la protecci\u00f3n de las personas f\u00edsicas\n(RGPD).<\/p>\n\n\n\n<p>El uso de sitio Web implica la\naceptaci\u00f3n de esta Pol\u00edtica de Privacidad as\u00ed como las condiciones incluidas en\nel Aviso Legal.<\/p>\n\n\n\n<h1 class=\"wp-block-heading\">Identidad del\nresponsable<\/h1>\n\n\n\n<ul class=\"wp-block-list\"><li>Titular: Ana  Blanco Garnelo<\/li><li>NIF\/CIF:\u00a0NIF<\/li><li>Domicilio Calle Salgueiro, 9\u00a024437\u00a0 Burbia &#8211; Vega de Espinareda \u2013 Le\u00f3n (ES) <\/li><li>Correo electr\u00f3nico: info@elsalgueiro.com<\/li><li>Sitio Web: www.elsalguerio.com<\/li><\/ul>\n\n\n\n<h1 class=\"wp-block-heading\">Principios\naplicados en el tratamiento de datos<\/h1>\n\n\n\n<p>En el tratamiento de tus datos\npersonales, el Titular aplicar\u00e1 los siguientes principios que se ajustan a las\nexigencias del nuevo reglamento europeo de protecci\u00f3n de datos:<\/p>\n\n\n\n<ul class=\"wp-block-list\"><li><strong>Principio de licitud, lealtad y\ntransparencia:<\/strong>&nbsp;El Titular siempre\nrequerir\u00e1 el consentimiento para el tratamiento de tus datos personales que\npuede ser para uno o varios fines espec\u00edficos sobre los que te informar\u00e1\npreviamente con absoluta transparencia.<\/li><li><strong>Principio de minimizaci\u00f3n de\ndatos:<\/strong>&nbsp;El Titular te solicitar\u00e1 solo los\ndatos estrictamente necesarios para el fin o los fines que los solicita.<\/li><li><strong>Principio de limitaci\u00f3n del\nplazo de conservaci\u00f3n:<\/strong>&nbsp;Los datos se mantendr\u00e1n\ndurante el tiempo estrictamente necesario para el fin o los fines del tratamiento.<br>\nEl Titular te informar\u00e1 del plazo de conservaci\u00f3n correspondiente seg\u00fan la\nfinalidad. En el caso de suscripciones, el Titular revisar\u00e1 peri\u00f3dicamente las\nlistas y eliminar\u00e1 aquellos registros inactivos durante un tiempo considerable.<\/li><li><strong>Principio de integridad y\nconfidencialidad:<\/strong>&nbsp;Tus datos ser\u00e1n tratados\nde tal manera que su seguridad, confidencialidad e integridad est\u00e9 garantizada.<br>\nDebes saber que el Titular toma las precauciones necesarias para evitar el\nacceso no autorizado o uso indebido de los datos de sus usuarios por parte de\nterceros.<\/li><\/ul>\n\n\n\n<p>Obtenci\u00f3n de datos\npersonales<\/p>\n\n\n\n<p>Para navegar por www.elsalguerio.com\nno es necesario que facilites ning\u00fan dato personal. Los casos en los que s\u00ed\nproporcionas tus datos personales son los siguientes:<\/p>\n\n\n\n<ul class=\"wp-block-list\"><li>Al contactar a trav\u00e9s de los\nformularios de contacto o enviar un correo electr\u00f3nico.<\/li><li>Al realizar un comentario en un\nart\u00edculo o p\u00e1gina.<\/li><\/ul>\n\n\n\n<h1 class=\"wp-block-heading\">Tus derechos<\/h1>\n\n\n\n<h1 class=\"wp-block-heading\">El Titular te\ninforma que sobre tus datos personales tienes derecho a:<\/h1>\n\n\n\n<ul class=\"wp-block-list\"><li>Solicitar el acceso a los datos\nalmacenados.<\/li><li>Solicitar una rectificaci\u00f3n o la\ncancelaci\u00f3n.<\/li><li>Solicitar la limitaci\u00f3n de su\ntratamiento.<\/li><li>Oponerte al tratamiento.<\/li><li>Solicitar la portabilidad de tus\ndatos.<\/li><\/ul>\n\n\n\n<p>El ejercicio de estos derechos\nes personal y por tanto debe ser ejercido directamente por el interesado,\nsolicit\u00e1ndolo directamente al Titular, lo que significa que cualquier cliente,\nsuscriptor o colaborador que haya facilitado sus datos en alg\u00fan momento puede\ndirigirse al Titular y pedir informaci\u00f3n sobre los datos que tiene almacenados\ny c\u00f3mo los ha obtenido, solicitar la rectificaci\u00f3n de los mismos, solicitar la\nportabilidad de sus datos personales, oponerse al tratamiento, limitar su uso o\nsolicitar la cancelaci\u00f3n de esos datos en los ficheros del Titular.<\/p>\n\n\n\n<p>Para ejercitar tus derechos de\nacceso, rectificaci\u00f3n, cancelaci\u00f3n, portabilidad y oposici\u00f3n tienes que enviar\nun correo electr\u00f3nico a www.elsalguerio.com junto con la prueba v\u00e1lida\nen derecho como una fotocopia del D.N.I. o equivalente.<\/p>\n\n\n\n<p>Tienes derecho a la tutela\njudicial efectiva y a presentar una reclamaci\u00f3n ante la autoridad de control,\nen este caso, la Agencia Espa\u00f1ola de Protecci\u00f3n de Datos, si consideras que el\ntratamiento de datos personales que te conciernen infringe el Reglamento.<\/p>\n\n\n\n<h1 class=\"wp-block-heading\">Finalidad del\ntratamiento de datos personales<\/h1>\n\n\n\n<p>Cuando te conectas al sitio Web\npara mandar un correo al Titular, te suscribes a su bolet\u00edn o realizas una\ncontrataci\u00f3n, est\u00e1s facilitando informaci\u00f3n de car\u00e1cter personal de la que el\nresponsable es el Titular. Esta informaci\u00f3n puede incluir datos de car\u00e1cter\npersonal como pueden ser tu direcci\u00f3n IP, nombre y apellidos, direcci\u00f3n f\u00edsica,\ndirecci\u00f3n de correo electr\u00f3nico, n\u00famero de tel\u00e9fono, y otra informaci\u00f3n. Al\nfacilitar esta informaci\u00f3n, das tu consentimiento para que tu informaci\u00f3n sea\nrecopilada, utilizada, gestionada y almacenada por www.elsalguerio.com,\ns\u00f3lo como se describe en el Aviso Legal y en la presente Pol\u00edtica de\nPrivacidad.<\/p>\n\n\n\n<p>Los datos personales y la\nfinalidad del tratamiento por parte del Titular es diferente seg\u00fan el sistema\nde captura de informaci\u00f3n:<\/p>\n\n\n\n<ul class=\"wp-block-list\"><li><strong>Formularios de contacto:<\/strong>&nbsp;El Titular solicita datos personales entre los que pueden estar:\nNombre y apellidos, direcci\u00f3n de correo electr\u00f3nico, n\u00famero de tel\u00e9fono y\ndirecci\u00f3n de tu sitio Web con la finalidad de responder a tus consultas.<br>\nPor ejemplo, el Titular utiliza esos datos para dar respuesta a tus mensajes,\ndudas, quejas, comentarios o inquietudes que puedas tener relativas a la\ninformaci\u00f3n incluida en el sitio Web, los servicios que se prestan a trav\u00e9s del\nsitio Web, el tratamiento de tus datos personales, cuestiones referentes a los\ntextos legales incluidos en el sitio Web, as\u00ed como cualquier otra consulta que\npuedas tener y que no est\u00e9 sujeta a las condiciones del sitio Web o de la\ncontrataci\u00f3n.<\/li><li>Para garantizar el cumplimiento\nde las condiciones recogidas en el Aviso Legal y en la ley aplicable. Esto\npuede incluir el desarrollo de herramientas y algoritmos que ayuden a este\nsitio Web a garantizar la confidencialidad de los datos personales que recoge.<\/li><li>Para apoyar y mejorar los\nservicios que ofrece este sitio Web.<\/li><li>Para analizar la navegaci\u00f3n. El\nTitular recoge otros datos no identificativos que se obtienen mediante el uso\nde cookies que se descargan en tu ordenador cuando navegas por el sitio Web\ncuyas caracter\u00edsiticas y finalidad est\u00e1n detalladas en la Pol\u00edtica de Cookies .<\/li><li>Para gestionar las redes\nsociales. el Titular tiene presencia en redes sociales. Si te haces seguidor en\nlas redes sociales del Titular el tratamiento de los datos personales se regir\u00e1\npor este apartado, as\u00ed como por aquellas condiciones de uso, pol\u00edticas de\nprivacidad y normativas de acceso que pertenezcan a la red social que proceda\nen cada caso y que has aceptado previamente.<\/li><\/ul>\n\n\n\n<p>Puedes consultar las pol\u00edticas\nde privacidad de las principales redes sociales en estos enlaces:<\/p>\n\n\n\n<ul class=\"wp-block-list\"><li>Facebook<\/li><li>YouTube<\/li><li>Instagram<\/li><\/ul>\n\n\n\n<p>El Titular tratar\u00e1 tus datos\npersonales con la finalidad de administrar correctamente su presencia en la red\nsocial, informarte de sus actividades, productos o servicios, as\u00ed como para cualquier\notra finalidad que las normativas de las redes sociales permitan.<\/p>\n\n\n\n<p>En ning\u00fan caso el Titular\nutilizar\u00e1 los perfiles de seguidores en redes sociales para enviar publicidad\nde manera individual.<\/p>\n\n\n\n<h1 class=\"wp-block-heading\">Seguridad de los\ndatos personales<\/h1>\n\n\n\n<p>Para proteger tus datos\npersonales, el Titular toma todas las precauciones razonables y sigue las\nmejores pr\u00e1cticas de la industria para evitar su p\u00e9rdida, mal uso, acceso\nindebido, divulgaci\u00f3n, alteraci\u00f3n o destrucci\u00f3n de los mismos.<\/p>\n\n\n\n<p>El sitio Web est\u00e1 alojado\nen&nbsp;PROVEEDOR DE ALOJAMIENTO\nWEB. La seguridad de tus datos est\u00e1\ngarantizada, ya que toman todas las medidas de seguridad necesarias para ello.\nPuedes consultar su pol\u00edtica de privacidad para tener m\u00e1s informaci\u00f3n.<\/p>\n\n\n\n<h1 class=\"wp-block-heading\">Contenido de otros\nsitios web<\/h1>\n\n\n\n<p>Las p\u00e1ginas de este sitio Web\npueden incluir contenido incrustado (por ejemplo, v\u00eddeos, im\u00e1genes, art\u00edculos,\netc.). El contenido incrustado de otras web se comporta exactamente de la misma\nmanera que si hubieras visitado la otra web.<\/p>\n\n\n\n<p>Estos sitios Web pueden\nrecopilar datos sobre ti, utilizar cookies, incrustar un c\u00f3digo de seguimiento\nadicional de terceros, y supervisar tu interacci\u00f3n usando este c\u00f3digo.<\/p>\n\n\n\n<h1 class=\"wp-block-heading\">Pol\u00edtica de Cookies<\/h1>\n\n\n\n<p>Para que este sitio Web funcione\ncorrectamente necesita utilizar cookies, que es una informaci\u00f3n que se almacena\nen tu navegador web.<\/p>\n\n\n\n<p>En la p\u00e1gina Pol\u00edtica de Cookies\npuedes consultar toda la informaci\u00f3n relativa a la pol\u00edtica de recogida, la\nfinalidad y el tratamiento de las cookies.<\/p>\n\n\n\n<h1 class=\"wp-block-heading\">Legitimaci\u00f3n para\nel tratamiento de datos<\/h1>\n\n\n\n<p>La base legal para el\ntratamiento de tus datos es: el consentimiento.<\/p>\n\n\n\n<p>Para contactar con el Titular,\nsuscribirte a un bolet\u00edn o realizar comentarios en este sitio Web tienes que\naceptar la presente Pol\u00edtica de Privacidad.<\/p>\n\n\n\n<h1 class=\"wp-block-heading\">CATEGOR\u00cdAS DE DATOS\nPERSONALES<\/h1>\n\n\n\n<p>Las categor\u00edas de datos\npersonales que trata el Titular son:<\/p>\n\n\n\n<ul class=\"wp-block-list\"><li>Datos identificativos.<\/li><\/ul>\n\n\n\n<h1 class=\"wp-block-heading\">Conservaci\u00f3n de\ndatos personales<\/h1>\n\n\n\n<p>Los datos personales que\nproporciones al Titular se conservar\u00e1n hasta que solicites su supresi\u00f3n.<\/p>\n\n\n\n<h1 class=\"wp-block-heading\">Destinatarios de\ndatos personales<\/h1>\n\n\n\n<p>ELIMINA LOS QUE\nNO USES:<\/p>\n\n\n\n<ul class=\"wp-block-list\"><li><strong>DoubleClick by Google<\/strong>&nbsp;es un conjunto de servicios publicitarios proporcionado por\nGoogle, Inc., una compa\u00f1\u00eda de Delaware cuya oficina principal est\u00e1 en 1600\nAmphitheatre Parkway, Mountain View (California), CA 94043, Estados Unidos\n(\u201cGoogle\u201d).<br>\nEncontrar\u00e1s m\u00e1s informaci\u00f3n en:&nbsp;<strong><a href=\"https:\/\/www.doubleclickbygoogle.com\/\" target=\"_blank\" rel=\"noreferrer noopener\">https:\/\/www.doubleclickbygoogle.com<\/a><\/strong><br>\nDoubleClick utiliza \u201ccookies\u201d, que son archivos de texto ubicados en tu\nordenador y que sirven para aumentar la relevancia de los anuncios relacionados\ncon tus b\u00fasquedas recientes. En la Pol\u00edtica de privacidad de Google se explica\nc\u00f3mo Google gestiona tu privacidad en lo que respecta al uso de las cookies y\notra informaci\u00f3n.<\/li><\/ul>\n\n\n\n<p>Tambi\u00e9n puedes ver una lista de\nlos tipos de cookies que utiliza Google y sus colaboradores y toda la\ninformaci\u00f3n relativa al uso que hacen de cookies publicitarias.<\/p>\n\n\n\n<h1 class=\"wp-block-heading\">Navegaci\u00f3n Web<\/h1>\n\n\n\n<p>Al navegar por\nwww.elsalgueiro.com se pueden recoger datos no identificativos, que pueden\nincluir, la direcci\u00f3n IP, geolocalizaci\u00f3n, un registro de c\u00f3mo se utilizan los\nservicios y sitios, h\u00e1bitos de navegaci\u00f3n y otros datos que no pueden ser\nutilizados para identificarte.<\/p>\n\n\n\n<p>El sitio Web utiliza los\nsiguientes servicios de an\u00e1lisis de terceros:<\/p>\n\n\n\n<ul class=\"wp-block-list\"><li>DoubleClick por Google<\/li><\/ul>\n\n\n\n<p>El Titular utiliza la\ninformaci\u00f3n obtenida para obtener datos estad\u00edsticos, analizar tendencias,\nadministrar el sitio, estudiar patrones de navegaci\u00f3n y para recopilar\ninformaci\u00f3n demogr\u00e1fica.<\/p>\n\n\n\n<h1 class=\"wp-block-heading\">Exactitud y\nveracidad de los datos personales<\/h1>\n\n\n\n<p>Te comprometes a que los datos\nfacilitados al Titular sean correctos, completos, exactos y vigentes, as\u00ed como\na mantenerlos debidamente actualizados.<\/p>\n\n\n\n<p>Como Usuario del sitio Web eres\nel \u00fanico responsable de la veracidad y correcci\u00f3n de los datos que remitas al\nsitio exonerando a el Titular de cualquier responsabilidad al respecto.<\/p>\n\n\n\n<h1 class=\"wp-block-heading\">Aceptaci\u00f3n y\nconsentimiento<\/h1>\n\n\n\n<p>Como Usuario del sitio Web\ndeclaras haber sido informado de las condiciones sobre protecci\u00f3n de datos de\ncar\u00e1cter personal, aceptas y consientes el tratamiento de los mismos por parte\nde el Titular en la forma y para las finalidades indicadas en esta Pol\u00edtica de\nPrivacidad.<\/p>\n\n\n\n<h1 class=\"wp-block-heading\">Revocabilidad<\/h1>\n\n\n\n<p>Para ejercitar tus derechos de\nacceso, rectificaci\u00f3n, cancelaci\u00f3n, portabilidad y oposici\u00f3n tienes que enviar\nun correo electr\u00f3nico a info@elsalgueiro.com junto con la prueba v\u00e1lida en\nderecho como una fotocopia del D.N.I. o equivalente.<\/p>\n\n\n\n<p>El ejercicio de tus derechos no\nincluye ning\u00fan dato que el Titular est\u00e9 obligado a conservar con fines\nadministrativos, legales o de seguridad.<\/p>\n\n\n\n<h1 class=\"wp-block-heading\">Cambios en la\nPol\u00edtica de Privacidad<\/h1>\n\n\n\n<p>El Titular se reserva el derecho\na modificar la presente Pol\u00edtica de Privacidad para adaptarla a novedades legislativas\no jurisprudenciales, as\u00ed como a pr\u00e1cticas de la industria.<\/p>\n\n\n\n<p>Estas pol\u00edticas estar\u00e1n vigentes\nhasta que sean modificadas por otras debidamente publicadas.<\/p>\n","protected":false},"excerpt":{"rendered":"<p>Ana Blanco Garnelo \u00a0te informa sobre su Pol\u00edtica de Privacidad respecto del tratamiento y protecci\u00f3n de los datos de car\u00e1cter &#8230; <a title=\"Pol\u00edtica de Privacidad\" class=\"read-more\" href=\"https:\/\/elsalgueiro.com\/web\/politica-privacidad\/\" aria-label=\"Leer m\u00e1s sobre Pol\u00edtica de Privacidad\">LEER M\u00c1S<\/a><\/p>\n","protected":false},"author":1,"featured_media":0,"parent":0,"menu_order":0,"comment_status":"closed","ping_status":"open","template":"","meta":{"footnotes":""},"class_list":["post-3","page","type-page","status-publish"],"_links":{"self":[{"href":"https:\/\/elsalgueiro.com\/web\/wp-json\/wp\/v2\/pages\/3","targetHints":{"allow":["GET"]}}],"collection":[{"href":"https:\/\/elsalgueiro.com\/web\/wp-json\/wp\/v2\/pages"}],"about":[{"href":"https:\/\/elsalgueiro.com\/web\/wp-json\/wp\/v2\/types\/page"}],"author":[{"embeddable":true,"href":"https:\/\/elsalgueiro.com\/web\/wp-json\/wp\/v2\/users\/1"}],"replies":[{"embeddable":true,"href":"https:\/\/elsalgueiro.com\/web\/wp-json\/wp\/v2\/comments?post=3"}],"version-history":[{"count":4,"href":"https:\/\/elsalgueiro.com\/web\/wp-json\/wp\/v2\/pages\/3\/revisions"}],"predecessor-version":[{"id":306,"href":"https:\/\/elsalgueiro.com\/web\/wp-json\/wp\/v2\/pages\/3\/revisions\/306"}],"wp:attachment":[{"href":"https:\/\/elsalgueiro.com\/web\/wp-json\/wp\/v2\/media?parent=3"}],"curies":[{"name":"wp","href":"https:\/\/api.w.org\/{rel}","templated":true}]}}